{"version":"1.0","provider_name":"Motornocion","provider_url":"https:\/\/www.autonocion.com\/motornocion","author_name":"Javier Rodr\u00edguez","author_url":"https:\/\/www.autonocion.com\/motornocion\/autor\/javirod\/","title":"\u00bfUna cafetera en el campo de f\u00fatbol o una nevera en medio de la nada? El Volvo EX30 se convierte en un banco de energ\u00eda m\u00f3vil con su nueva actualizaci\u00f3n V2L, que permite usar la bater\u00eda del coche para alimentar cualquier dispositivo de hasta 3 kW","type":"rich","width":600,"height":338,"html":"<blockquote class=\"wp-embedded-content\" data-secret=\"mupLb2xRqF\"><a href=\"https:\/\/www.autonocion.com\/motornocion\/volvo-ex30-actualizacion-bateria-v2l\/\">\u00bfUna cafetera en el campo de f\u00fatbol o una nevera en medio de la nada? El Volvo EX30 se convierte en un banco de energ\u00eda m\u00f3vil con su nueva actualizaci\u00f3n V2L, que permite usar la bater\u00eda del coche para alimentar cualquier dispositivo de hasta 3 kW<\/a><\/blockquote><iframe sandbox=\"allow-scripts\" security=\"restricted\" src=\"https:\/\/www.autonocion.com\/motornocion\/volvo-ex30-actualizacion-bateria-v2l\/embed\/#?secret=mupLb2xRqF\" width=\"600\" height=\"338\" title=\"\u00ab\u00bfUna cafetera en el campo de f\u00fatbol o una nevera en medio de la nada? El Volvo EX30 se convierte en un banco de energ\u00eda m\u00f3vil con su nueva actualizaci\u00f3n V2L, que permite usar la bater\u00eda del coche para alimentar cualquier dispositivo de hasta 3 kW\u00bb \u2014 Motornocion\" data-secret=\"mupLb2xRqF\" frameborder=\"0\" marginwidth=\"0\" marginheight=\"0\" scrolling=\"no\" class=\"wp-embedded-content\"><\/iframe><script>\n\/*! This file is auto-generated *\/\n!function(d,l){\"use strict\";l.querySelector&&d.addEventListener&&\"undefined\"!=typeof URL&&(d.wp=d.wp||{},d.wp.receiveEmbedMessage||(d.wp.receiveEmbedMessage=function(e){var t=e.data;if((t||t.secret||t.message||t.value)&&!\/[^a-zA-Z0-9]\/.test(t.secret)){for(var s,r,n,a=l.querySelectorAll('iframe[data-secret=\"'+t.secret+'\"]'),o=l.querySelectorAll('blockquote[data-secret=\"'+t.secret+'\"]'),c=new RegExp(\"^https?:$\",\"i\"),i=0;i<o.length;i++)o[i].style.display=\"none\";for(i=0;i<a.length;i++)s=a[i],e.source===s.contentWindow&&(s.removeAttribute(\"style\"),\"height\"===t.message?(1e3<(r=parseInt(t.value,10))?r=1e3:~~r<200&&(r=200),s.height=r):\"link\"===t.message&&(r=new URL(s.getAttribute(\"src\")),n=new URL(t.value),c.test(n.protocol))&&n.host===r.host&&l.activeElement===s&&(d.top.location.href=t.value))}},d.addEventListener(\"message\",d.wp.receiveEmbedMessage,!1),l.addEventListener(\"DOMContentLoaded\",function(){for(var e,t,s=l.querySelectorAll(\"iframe.wp-embedded-content\"),r=0;r<s.length;r++)(t=(e=s[r]).getAttribute(\"data-secret\"))||(t=Math.random().toString(36).substring(2,12),e.src+=\"#?secret=\"+t,e.setAttribute(\"data-secret\",t)),e.contentWindow.postMessage({message:\"ready\",secret:t},\"*\")},!1)))}(window,document);\n\/\/# sourceURL=https:\/\/www.autonocion.com\/motornocion\/wp-includes\/js\/wp-embed.min.js\n<\/script>\n","thumbnail_url":"https:\/\/www.autonocion.com\/motornocion\/wp-content\/uploads\/2026\/09\/Volvo-EX30-V2L-768x432.jpg","thumbnail_width":600,"thumbnail_height":338}